{"id":9,"date":"2024-09-08T22:26:51","date_gmt":"2024-09-08T22:26:51","guid":{"rendered":"https:\/\/infracnovi.com\/?page_id=9"},"modified":"2025-10-06T21:47:46","modified_gmt":"2025-10-06T21:47:46","slug":"inicio","status":"publish","type":"page","link":"https:\/\/infracnovi.com\/","title":{"rendered":"INICIO"},"content":{"rendered":"<p>[et_pb_section fb_built=&#8221;1&#8243; fullwidth=&#8221;on&#8221; admin_label=&#8221;Secci\u00f3n&#8221; _builder_version=&#8221;4.18.1&#8243; _module_preset=&#8221;default&#8221; hover_enabled=&#8221;0&#8243; global_colors_info=&#8221;{}&#8221; sticky_enabled=&#8221;0&#8243;][et_pb_fullwidth_slider _builder_version=&#8221;4.18.1&#8243; _module_preset=&#8221;default&#8221; z_index=&#8221;0&#8243; hover_transition_duration=&#8221;50ms&#8221; hover_transition_delay=&#8221;50ms&#8221; hover_transition_speed_curve=&#8221;ease-in-out&#8221; scroll_horizontal_motion=&#8221;0|65|65|100|4|0|-4&#8243; scroll_rotating_enable=&#8221;on&#8221; global_colors_info=&#8221;{}&#8221;][et_pb_slide heading=&#8221;INFRACNOVI&#8221; _builder_version=&#8221;4.18.1&#8243; _module_preset=&#8221;default&#8221; header_level=&#8221;h1&#8243; header_font=&#8221;Arial||||||||&#8221; header_font_size=&#8221;57px&#8221; header_letter_spacing=&#8221;11px&#8221; body_font=&#8221;Arial||||||||&#8221; body_font_size=&#8221;17px&#8221; body_letter_spacing=&#8221;1px&#8221; background_color=&#8221;#242424&#8243; background_enable_color=&#8221;on&#8221; background_image=&#8221;https:\/\/infracnovi.com\/wp-content\/uploads\/2024\/09\/Foto-1.png&#8221; background_enable_image=&#8221;on&#8221; background_blend=&#8221;overlay&#8221; global_colors_info=&#8221;{}&#8221; sticky_transition=&#8221;on&#8221;]<\/p>\n<p>Educaci\u00f3n para ni\u00f1os con ceguera, baja visi\u00f3n o discapacidades asociadas a la visi\u00f3n se enfoca en ofrecer recursos adaptados a sus necesidades, promoviendo su desarrollo acad\u00e9mico, social y emocional en entornos inclusivos y accesibles.<\/p>\n<p>[\/et_pb_slide][et_pb_slide heading=&#8221;Transformando Vidas con Inclusi\u00f3n&#8221; _builder_version=&#8221;4.18.1&#8243; _module_preset=&#8221;default&#8221; header_level=&#8221;h1&#8243; header_font=&#8221;Arial||||||||&#8221; header_font_size=&#8221;55px&#8221; header_letter_spacing=&#8221;6px&#8221; body_font=&#8221;Arial||||||||&#8221; body_font_size=&#8221;17px&#8221; body_letter_spacing=&#8221;1px&#8221; background_color=&#8221;#242424&#8243; background_enable_color=&#8221;on&#8221; background_image=&#8221;https:\/\/infracnovi.com\/wp-content\/uploads\/2024\/09\/Foto-2.png&#8221; background_enable_image=&#8221;on&#8221; background_blend=&#8221;overlay&#8221; global_colors_info=&#8221;{}&#8221; sticky_transition=&#8221;on&#8221;]<\/p>\n<p>En INFRACNOVI, trabajamos desde 1989 para mejorar la calidad de vida de las personas con ceguera, baja visi\u00f3n o discapacidades m\u00faltiples asociadas a la visi\u00f3n.<\/p>\n<p>[\/et_pb_slide][et_pb_slide heading=&#8221;Liderando en Rehabilitaci\u00f3n Visual&#8221; _builder_version=&#8221;4.18.1&#8243; _module_preset=&#8221;default&#8221; header_level=&#8221;h1&#8243; header_font=&#8221;Arial||||||||&#8221; header_font_size=&#8221;53px&#8221; header_letter_spacing=&#8221;6px&#8221; body_font=&#8221;Arial||||||||&#8221; body_font_size=&#8221;17px&#8221; background_color=&#8221;#242424&#8243; background_enable_color=&#8221;on&#8221; background_image=&#8221;https:\/\/infracnovi.com\/wp-content\/uploads\/2024\/09\/Foto-3.png&#8221; background_enable_image=&#8221;on&#8221; background_blend=&#8221;overlay&#8221; global_colors_info=&#8221;{}&#8221; sticky_transition=&#8221;on&#8221;]<\/p>\n<p>Nuestra misi\u00f3n es ser una instituci\u00f3n l\u00edder en la atenci\u00f3n y rehabilitaci\u00f3n de personas con discapacidad visual. Con una filosof\u00eda centrada en el respeto a la dignidad humana, involucramos a la familia, la comunidad y la fe en el proceso de transformaci\u00f3n.<\/p>\n<p>[\/et_pb_slide][\/et_pb_fullwidth_slider][\/et_pb_section][et_pb_section fb_built=&#8221;1&#8243; _builder_version=&#8221;4.18.1&#8243; _module_preset=&#8221;default&#8221; background_color=&#8221;#FFFFFF&#8221; global_colors_info=&#8221;{}&#8221;][et_pb_row column_structure=&#8221;1_4,1_4,1_4,1_4&#8243; _builder_version=&#8221;4.18.1&#8243; _module_preset=&#8221;default&#8221; custom_margin=&#8221;|auto|2px|auto||&#8221; global_colors_info=&#8221;{}&#8221;][et_pb_column type=&#8221;1_4&#8243; _builder_version=&#8221;4.18.1&#8243; _module_preset=&#8221;default&#8221; global_colors_info=&#8221;{}&#8221;][et_pb_text _builder_version=&#8221;4.18.1&#8243; _module_preset=&#8221;default&#8221; text_font=&#8221;||||||||&#8221; text_font_size=&#8221;16px&#8221; text_letter_spacing=&#8221;1px&#8221; custom_margin=&#8221;34px||||false|false&#8221; global_colors_info=&#8221;{}&#8221;]<\/p>\n<h2 style=\"text-align: justify;\"><span dir=\"auto\" style=\"vertical-align: inherit;\"><span dir=\"auto\" style=\"vertical-align: inherit;\">\u00bfQui\u00e9nes somos<\/span><\/span><span dir=\"auto\" style=\"vertical-align: inherit;\"><span dir=\"auto\" style=\"vertical-align: inherit;\">?<\/span><\/span><\/h2>\n<p data-start=\"89\" data-end=\"278\" style=\"text-align: justify;\">Somos una instituci\u00f3n privada sin fines de lucro, fundada en 1989 por Fray Nery Aguirre O.F.M., con personer\u00eda jur\u00eddica N.\u00b0 51-89, legalmente inscrita en la DIRRSAC.<\/p>\n<p data-start=\"280\" data-end=\"511\" style=\"text-align: justify;\">Nuestro principal objetivo es mejorar la calidad de vida de las personas ciegas, con baja visi\u00f3n o con trastornos m\u00faltiples asociados a la visi\u00f3n, promoviendo su inclusi\u00f3n mediante diversos programas de atenci\u00f3n y rehabilitaci\u00f3n.<\/p>\n<p>[\/et_pb_text][\/et_pb_column][et_pb_column type=&#8221;1_4&#8243; _builder_version=&#8221;4.18.1&#8243; _module_preset=&#8221;default&#8221; global_colors_info=&#8221;{}&#8221;][et_pb_image src=&#8221;https:\/\/infracnovi.com\/wp-content\/uploads\/2024\/09\/Logo_01_Mediano.png&#8221; title_text=&#8221;Logo_01_Mediano&#8221; align=&#8221;center&#8221; _builder_version=&#8221;4.18.1&#8243; _module_preset=&#8221;default&#8221; transform_scale=&#8221;116%|116%&#8221; width=&#8221;80%&#8221; min_height=&#8221;300.7px&#8221; custom_padding=&#8221;|0px|0px|||&#8221; global_colors_info=&#8221;{}&#8221;][\/et_pb_image][\/et_pb_column][et_pb_column type=&#8221;1_4&#8243; _builder_version=&#8221;4.18.1&#8243; _module_preset=&#8221;default&#8221; global_colors_info=&#8221;{}&#8221;][et_pb_image src=&#8221;https:\/\/infracnovi.com\/wp-content\/uploads\/2025\/10\/Padre-Nery-1.png&#8221; alt=&#8221;Fundador&#8221; title_text=&#8221;FUNDADOR&#8221; _builder_version=&#8221;4.18.1&#8243; _module_preset=&#8221;default&#8221; transform_scale=&#8221;102%|102%&#8221; width=&#8221;80%&#8221; module_alignment=&#8221;center&#8221; min_height=&#8221;300px&#8221; custom_padding=&#8221;|0px|0px|||&#8221; global_colors_info=&#8221;{}&#8221;][\/et_pb_image][\/et_pb_column][et_pb_column type=&#8221;1_4&#8243; _builder_version=&#8221;4.18.1&#8243; _module_preset=&#8221;default&#8221; global_colors_info=&#8221;{}&#8221;][\/et_pb_column][\/et_pb_row][\/et_pb_section][et_pb_section fb_built=&#8221;1&#8243; _builder_version=&#8221;4.18.1&#8243; _module_preset=&#8221;default&#8221; background_color=&#8221;#1947a9&#8243; global_colors_info=&#8221;{}&#8221;][et_pb_row _builder_version=&#8221;4.18.1&#8243; _module_preset=&#8221;default&#8221; global_colors_info=&#8221;{}&#8221;][et_pb_column type=&#8221;4_4&#8243; _builder_version=&#8221;4.18.1&#8243; _module_preset=&#8221;default&#8221; global_colors_info=&#8221;{}&#8221;][et_pb_text _builder_version=&#8221;4.18.1&#8243; _module_preset=&#8221;default&#8221; text_font=&#8221;Arial|600|||||||&#8221; text_text_color=&#8221;#FFFFFF&#8221; text_font_size=&#8221;32px&#8221; text_letter_spacing=&#8221;1px&#8221; header_2_font=&#8221;Arial|600|||||||&#8221; header_2_text_color=&#8221;#FFFFFF&#8221; header_2_font_size=&#8221;30px&#8221; header_2_letter_spacing=&#8221;2px&#8221; header_4_letter_spacing=&#8221;2px&#8221; header_4_line_height=&#8221;1.2em&#8221; global_colors_info=&#8221;{}&#8221;]<\/p>\n<p style=\"text-align: center;\">&#8220;La vista es la funci\u00f3n de los ojos, pero la<br \/>visi\u00f3n es la funci\u00f3n del coraz\u00f3n\u201d<\/p>\n<p style=\"text-align: center;\">Madre Teresa de Calcuta.<\/p>\n<p style=\"text-align: center;\">\n<p>[\/et_pb_text][\/et_pb_column][\/et_pb_row][\/et_pb_section][et_pb_section fb_built=&#8221;1&#8243; _builder_version=&#8221;4.18.1&#8243; _module_preset=&#8221;default&#8221; global_colors_info=&#8221;{}&#8221;][et_pb_row column_structure=&#8221;1_2,1_2&#8243; _builder_version=&#8221;4.18.1&#8243; _module_preset=&#8221;default&#8221; locked=&#8221;off&#8221; global_colors_info=&#8221;{}&#8221;][et_pb_column type=&#8221;1_2&#8243; _builder_version=&#8221;4.18.1&#8243; _module_preset=&#8221;default&#8221; global_colors_info=&#8221;{}&#8221;][et_pb_image src=&#8221;https:\/\/infracnovi.com\/wp-content\/uploads\/2024\/09\/foto-5.png&#8221; title_text=&#8221;foto 5&#8243; _builder_version=&#8221;4.18.1&#8243; _module_preset=&#8221;default&#8221; global_colors_info=&#8221;{}&#8221;][\/et_pb_image][\/et_pb_column][et_pb_column type=&#8221;1_2&#8243; _builder_version=&#8221;4.18.1&#8243; _module_preset=&#8221;default&#8221; global_colors_info=&#8221;{}&#8221;][et_pb_text _builder_version=&#8221;4.18.1&#8243; _module_preset=&#8221;default&#8221; text_font_size=&#8221;20px&#8221; custom_padding=&#8221;42px||0px||false|false&#8221; locked=&#8221;off&#8221; global_colors_info=&#8221;{}&#8221;]<\/p>\n<h2 style=\"text-align: center;\">Misi\u00f3n<\/h2>\n<p style=\"text-align: justify;\">Ser una instituci\u00f3n l\u00edder en la atenci\u00f3n y rehabilitaci\u00f3n, que a su vez contribuya a generar cambios en la sociedad para la igualdad de oportunidades de las personas con discapacidad visual.<\/p>\n<p>[\/et_pb_text][\/et_pb_column][\/et_pb_row][et_pb_row column_structure=&#8221;1_2,1_2&#8243; _builder_version=&#8221;4.18.1&#8243; _module_preset=&#8221;default&#8221; locked=&#8221;off&#8221; global_colors_info=&#8221;{}&#8221;][et_pb_column type=&#8221;1_2&#8243; _builder_version=&#8221;4.18.1&#8243; _module_preset=&#8221;default&#8221; global_colors_info=&#8221;{}&#8221;][et_pb_text _builder_version=&#8221;4.18.1&#8243; _module_preset=&#8221;default&#8221; text_font_size=&#8221;20px&#8221; custom_padding=&#8221;42px||0px||false|false&#8221; locked=&#8221;off&#8221; global_colors_info=&#8221;{}&#8221;]<\/p>\n<h2 style=\"text-align: center;\">Visi\u00f3n<\/h2>\n<p style=\"text-align: justify;\">Promover la inclusi\u00f3n de las personas con discapacidad visual mediante programas y servicios diversos, as\u00ed como la aplicaci\u00f3n eficiente de los recursos humanos, tecnol\u00f3gicos y financieros, garantizando un proceso de rehabilitaci\u00f3n y formaci\u00f3n de calidad.<\/p>\n<p>[\/et_pb_text][\/et_pb_column][et_pb_column type=&#8221;1_2&#8243; _builder_version=&#8221;4.18.1&#8243; _module_preset=&#8221;default&#8221; global_colors_info=&#8221;{}&#8221;][et_pb_image src=&#8221;https:\/\/infracnovi.com\/wp-content\/uploads\/2024\/09\/foto-4.png&#8221; title_text=&#8221;foto 4&#8243; _builder_version=&#8221;4.18.1&#8243; _module_preset=&#8221;default&#8221; global_colors_info=&#8221;{}&#8221;][\/et_pb_image][\/et_pb_column][\/et_pb_row][et_pb_row column_structure=&#8221;1_2,1_2&#8243; _builder_version=&#8221;4.18.1&#8243; _module_preset=&#8221;default&#8221; global_colors_info=&#8221;{}&#8221;][et_pb_column type=&#8221;1_2&#8243; _builder_version=&#8221;4.18.1&#8243; _module_preset=&#8221;default&#8221; global_colors_info=&#8221;{}&#8221;][et_pb_image src=&#8221;https:\/\/infracnovi.com\/wp-content\/uploads\/2024\/09\/Foto-1.png&#8221; title_text=&#8221;Foto 1&#8243; _builder_version=&#8221;4.18.1&#8243; _module_preset=&#8221;default&#8221; global_colors_info=&#8221;{}&#8221;][\/et_pb_image][\/et_pb_column][et_pb_column type=&#8221;1_2&#8243; _builder_version=&#8221;4.18.1&#8243; _module_preset=&#8221;default&#8221; global_colors_info=&#8221;{}&#8221;][et_pb_text _builder_version=&#8221;4.18.1&#8243; _module_preset=&#8221;default&#8221; text_font_size=&#8221;20px&#8221; custom_padding=&#8221;42px||0px||false|false&#8221; locked=&#8221;off&#8221; global_colors_info=&#8221;{}&#8221;]<\/p>\n<h2 style=\"text-align: center;\">Filosof\u00eda<\/h2>\n<p style=\"text-align: justify;\">Somos una instituci\u00f3n que interviene de manera integral, tomando como pilares fundamentales a Dios, la familia y la comunidad. Nos basamos en el respeto a los derechos y a la dignidad humana, atendemos a personas de todas las edades y estratos sociales, y reconocemos la capacidad y el protagonismo de las personas con discapacidad y de sus comunidades.<\/p>\n<p>[\/et_pb_text][\/et_pb_column][\/et_pb_row][\/et_pb_section][et_pb_section fb_built=&#8221;1&#8243; _builder_version=&#8221;4.18.1&#8243; _module_preset=&#8221;default&#8221; background_color=&#8221;#1947a9&#8243; global_colors_info=&#8221;{}&#8221;][et_pb_row _builder_version=&#8221;4.18.1&#8243; _module_preset=&#8221;default&#8221; global_colors_info=&#8221;{}&#8221;][et_pb_column type=&#8221;4_4&#8243; _builder_version=&#8221;4.18.1&#8243; _module_preset=&#8221;default&#8221; global_colors_info=&#8221;{}&#8221;][et_pb_text _builder_version=&#8221;4.18.1&#8243; _module_preset=&#8221;default&#8221; text_text_color=&#8221;#FFFFFF&#8221; header_text_color=&#8221;#FFFFFF&#8221; header_letter_spacing=&#8221;2px&#8221; header_2_font=&#8221;Arial|600|||||||&#8221; header_2_text_color=&#8221;#FFFFFF&#8221; header_2_font_size=&#8221;42px&#8221; header_2_letter_spacing=&#8221;1px&#8221; global_colors_info=&#8221;{}&#8221;]<\/p>\n<h2 style=\"text-align: center;\">Valores institucionales<\/h2>\n<p>[\/et_pb_text][\/et_pb_column][\/et_pb_row][et_pb_row column_structure=&#8221;1_3,1_3,1_3&#8243; _builder_version=&#8221;4.18.1&#8243; _module_preset=&#8221;default&#8221; global_colors_info=&#8221;{}&#8221;][et_pb_column type=&#8221;1_3&#8243; _builder_version=&#8221;4.18.1&#8243; _module_preset=&#8221;default&#8221; global_colors_info=&#8221;{}&#8221;][et_pb_icon font_icon=&#8221;&#xf4be;||fa||900&#8243; icon_color=&#8221;#FFFFFF&#8221; _builder_version=&#8221;4.18.1&#8243; _module_preset=&#8221;default&#8221; global_colors_info=&#8221;{}&#8221;][\/et_pb_icon][et_pb_text _builder_version=&#8221;4.18.1&#8243; _module_preset=&#8221;default&#8221; text_font=&#8221;Arial|600|||||||&#8221; text_text_color=&#8221;#FFFFFF&#8221; text_font_size=&#8221;32px&#8221; text_letter_spacing=&#8221;1px&#8221; header_text_color=&#8221;#FFFFFF&#8221; header_letter_spacing=&#8221;2px&#8221; header_2_font=&#8221;Arial|600|||||||&#8221; header_2_text_color=&#8221;#FFFFFF&#8221; header_2_font_size=&#8221;30px&#8221; header_2_letter_spacing=&#8221;1px&#8221; global_colors_info=&#8221;{}&#8221;]<\/p>\n<p style=\"text-align: center;\">Solidaridad<\/p>\n<p>[\/et_pb_text][\/et_pb_column][et_pb_column type=&#8221;1_3&#8243; _builder_version=&#8221;4.18.1&#8243; _module_preset=&#8221;default&#8221; global_colors_info=&#8221;{}&#8221;][et_pb_icon font_icon=&#8221;&#xf29d;||fa||900&#8243; icon_color=&#8221;#FFFFFF&#8221; _builder_version=&#8221;4.18.1&#8243; _module_preset=&#8221;default&#8221; locked=&#8221;off&#8221; global_colors_info=&#8221;{}&#8221;][\/et_pb_icon][et_pb_text _builder_version=&#8221;4.18.1&#8243; _module_preset=&#8221;default&#8221; text_font=&#8221;Arial|600|||||||&#8221; text_text_color=&#8221;#FFFFFF&#8221; text_font_size=&#8221;32px&#8221; text_letter_spacing=&#8221;1px&#8221; header_text_color=&#8221;#FFFFFF&#8221; header_letter_spacing=&#8221;2px&#8221; header_2_font=&#8221;Arial|600|||||||&#8221; header_2_text_color=&#8221;#FFFFFF&#8221; header_2_font_size=&#8221;30px&#8221; header_2_letter_spacing=&#8221;1px&#8221; locked=&#8221;off&#8221; global_colors_info=&#8221;{}&#8221;]<\/p>\n<p style=\"text-align: center;\">Equidad<\/p>\n<p>[\/et_pb_text][\/et_pb_column][et_pb_column type=&#8221;1_3&#8243; _builder_version=&#8221;4.18.1&#8243; _module_preset=&#8221;default&#8221; global_colors_info=&#8221;{}&#8221;][et_pb_icon font_icon=&#8221;&#xf4da;||fa||900&#8243; icon_color=&#8221;#FFFFFF&#8221; _builder_version=&#8221;4.18.1&#8243; _module_preset=&#8221;default&#8221; locked=&#8221;off&#8221; global_colors_info=&#8221;{}&#8221;][\/et_pb_icon][et_pb_text _builder_version=&#8221;4.18.1&#8243; _module_preset=&#8221;default&#8221; text_font=&#8221;Arial|600|||||||&#8221; text_text_color=&#8221;#FFFFFF&#8221; text_font_size=&#8221;32px&#8221; text_letter_spacing=&#8221;1px&#8221; header_text_color=&#8221;#FFFFFF&#8221; header_letter_spacing=&#8221;2px&#8221; header_2_font=&#8221;Arial|600|||||||&#8221; header_2_text_color=&#8221;#FFFFFF&#8221; header_2_font_size=&#8221;30px&#8221; header_2_letter_spacing=&#8221;1px&#8221; locked=&#8221;off&#8221; global_colors_info=&#8221;{}&#8221;]<\/p>\n<p style=\"text-align: center;\">Honestidad<\/p>\n<p>[\/et_pb_text][\/et_pb_column][\/et_pb_row][et_pb_row column_structure=&#8221;1_3,1_3,1_3&#8243; _builder_version=&#8221;4.18.1&#8243; _module_preset=&#8221;default&#8221; locked=&#8221;off&#8221; global_colors_info=&#8221;{}&#8221;][et_pb_column type=&#8221;1_3&#8243; _builder_version=&#8221;4.18.1&#8243; _module_preset=&#8221;default&#8221; global_colors_info=&#8221;{}&#8221;][et_pb_icon font_icon=&#8221;&#xf4c4;||fa||900&#8243; icon_color=&#8221;#FFFFFF&#8221; _builder_version=&#8221;4.18.1&#8243; _module_preset=&#8221;default&#8221; global_colors_info=&#8221;{}&#8221;][\/et_pb_icon][et_pb_text _builder_version=&#8221;4.18.1&#8243; _module_preset=&#8221;default&#8221; text_font=&#8221;Arial|600|||||||&#8221; text_text_color=&#8221;#FFFFFF&#8221; text_font_size=&#8221;32px&#8221; text_letter_spacing=&#8221;1px&#8221; header_text_color=&#8221;#FFFFFF&#8221; header_letter_spacing=&#8221;2px&#8221; header_2_font=&#8221;Arial|600|||||||&#8221; header_2_text_color=&#8221;#FFFFFF&#8221; header_2_font_size=&#8221;30px&#8221; header_2_letter_spacing=&#8221;1px&#8221; global_colors_info=&#8221;{}&#8221;]<\/p>\n<p style=\"text-align: center;\">Lealtad<\/p>\n<p>[\/et_pb_text][\/et_pb_column][et_pb_column type=&#8221;1_3&#8243; _builder_version=&#8221;4.18.1&#8243; _module_preset=&#8221;default&#8221; global_colors_info=&#8221;{}&#8221;][et_pb_icon font_icon=&#8221;&#xf0b1;||fa||900&#8243; icon_color=&#8221;#FFFFFF&#8221; _builder_version=&#8221;4.18.1&#8243; _module_preset=&#8221;default&#8221; locked=&#8221;off&#8221; global_colors_info=&#8221;{}&#8221;][\/et_pb_icon][et_pb_text _builder_version=&#8221;4.18.1&#8243; _module_preset=&#8221;default&#8221; text_font=&#8221;Arial|600|||||||&#8221; text_text_color=&#8221;#FFFFFF&#8221; text_font_size=&#8221;32px&#8221; text_letter_spacing=&#8221;1px&#8221; header_text_color=&#8221;#FFFFFF&#8221; header_letter_spacing=&#8221;2px&#8221; header_2_font=&#8221;Arial|600|||||||&#8221; header_2_text_color=&#8221;#FFFFFF&#8221; header_2_font_size=&#8221;30px&#8221; header_2_letter_spacing=&#8221;1px&#8221; locked=&#8221;off&#8221; global_colors_info=&#8221;{}&#8221;]<\/p>\n<p style=\"text-align: center;\">Responsabilidad<\/p>\n<p>[\/et_pb_text][\/et_pb_column][et_pb_column type=&#8221;1_3&#8243; _builder_version=&#8221;4.18.1&#8243; _module_preset=&#8221;default&#8221; global_colors_info=&#8221;{}&#8221;][et_pb_icon font_icon=&#8221;&#xf091;||fa||900&#8243; icon_color=&#8221;#FFFFFF&#8221; _builder_version=&#8221;4.18.1&#8243; _module_preset=&#8221;default&#8221; locked=&#8221;off&#8221; global_colors_info=&#8221;{}&#8221;][\/et_pb_icon][et_pb_text _builder_version=&#8221;4.18.1&#8243; _module_preset=&#8221;default&#8221; text_font=&#8221;Arial|600|||||||&#8221; text_text_color=&#8221;#FFFFFF&#8221; text_font_size=&#8221;32px&#8221; text_letter_spacing=&#8221;1px&#8221; header_text_color=&#8221;#FFFFFF&#8221; header_letter_spacing=&#8221;2px&#8221; header_2_font=&#8221;Arial|600|||||||&#8221; header_2_text_color=&#8221;#FFFFFF&#8221; header_2_font_size=&#8221;30px&#8221; header_2_letter_spacing=&#8221;1px&#8221; locked=&#8221;off&#8221; global_colors_info=&#8221;{}&#8221;]<\/p>\n<p style=\"text-align: center;\">Excelencia<\/p>\n<p>[\/et_pb_text][\/et_pb_column][\/et_pb_row][\/et_pb_section][et_pb_section fb_built=&#8221;1&#8243; _builder_version=&#8221;4.18.1&#8243; _module_preset=&#8221;default&#8221; custom_padding=&#8221;|0px||||&#8221; global_colors_info=&#8221;{}&#8221;][et_pb_row _builder_version=&#8221;4.18.1&#8243; _module_preset=&#8221;default&#8221; global_colors_info=&#8221;{}&#8221;][et_pb_column type=&#8221;4_4&#8243; _builder_version=&#8221;4.18.1&#8243; _module_preset=&#8221;default&#8221; global_colors_info=&#8221;{}&#8221;][\/et_pb_column][\/et_pb_row][\/et_pb_section]<\/p>\n","protected":false},"excerpt":{"rendered":"<p>Educaci\u00f3n para ni\u00f1os con ceguera, baja visi\u00f3n o discapacidades asociadas a la visi\u00f3n se enfoca en ofrecer recursos adaptados a sus necesidades, promoviendo su desarrollo acad\u00e9mico, social y emocional en entornos inclusivos y accesibles.En INFRACNOVI, trabajamos desde 1989 para mejorar la calidad de vida de las personas con ceguera, baja visi\u00f3n o discapacidades m\u00faltiples asociadas [&hellip;]<\/p>\n","protected":false},"author":2,"featured_media":0,"parent":0,"menu_order":0,"comment_status":"closed","ping_status":"closed","template":"","meta":{"_et_pb_use_builder":"on","_et_pb_old_content":"","_et_gb_content_width":"","footnotes":""},"class_list":["post-9","page","type-page","status-publish","hentry"],"_links":{"self":[{"href":"https:\/\/infracnovi.com\/index.php?rest_route=\/wp\/v2\/pages\/9","targetHints":{"allow":["GET"]}}],"collection":[{"href":"https:\/\/infracnovi.com\/index.php?rest_route=\/wp\/v2\/pages"}],"about":[{"href":"https:\/\/infracnovi.com\/index.php?rest_route=\/wp\/v2\/types\/page"}],"author":[{"embeddable":true,"href":"https:\/\/infracnovi.com\/index.php?rest_route=\/wp\/v2\/users\/2"}],"replies":[{"embeddable":true,"href":"https:\/\/infracnovi.com\/index.php?rest_route=%2Fwp%2Fv2%2Fcomments&post=9"}],"version-history":[{"count":32,"href":"https:\/\/infracnovi.com\/index.php?rest_route=\/wp\/v2\/pages\/9\/revisions"}],"predecessor-version":[{"id":275,"href":"https:\/\/infracnovi.com\/index.php?rest_route=\/wp\/v2\/pages\/9\/revisions\/275"}],"wp:attachment":[{"href":"https:\/\/infracnovi.com\/index.php?rest_route=%2Fwp%2Fv2%2Fmedia&parent=9"}],"curies":[{"name":"wp","href":"https:\/\/api.w.org\/{rel}","templated":true}]}}